{"id":4,"date":"2019-06-20T16:29:20","date_gmt":"2019-06-20T14:29:20","guid":{"rendered":"http:\/\/residencialessaleses.tk\/?p=4"},"modified":"2024-10-24T12:20:04","modified_gmt":"2024-10-24T10:20:04","slug":"inicio","status":"publish","type":"page","link":"https:\/\/saleses.org\/es\/","title":{"rendered":"Inicio"},"content":{"rendered":"<ul>\n<li>\n<p>        <img decoding=\"async\" src=\"\/wp-content\/uploads\/2024\/10\/Banners-ESP-scaled.jpg\" alt=\"\"><\/p>\n<div>Asociaci\u00f3n sin \u00e1nimo de lucro que nace en 1978<\/div>\n<\/li>\n<li>\n<p>        <img decoding=\"async\" src=\"\/wp-content\/uploads\/2021\/05\/2.jpg\" alt=\"\"><\/p>\n<div>Te acompa\u00f1amos en tu proyecto de vida<\/div>\n<\/li>\n<li>\n<p>        <img decoding=\"async\" src=\"\/wp-content\/uploads\/2022\/07\/Calidesa-scaled.jpg\" alt=\"\"><\/p>\n<div>Calidez, familiaridad, reconocimiento<\/div>\n<\/li>\n<li>\n<p>        <img decoding=\"async\" src=\"\/wp-content\/uploads\/2021\/05\/4.jpg\" alt=\"\"><\/p>\n<div>Un poco de ti es mucho para nosotros<\/div>\n<\/li>\n<li>\n<p>        <img decoding=\"async\" src=\"\/wp-content\/uploads\/2022\/07\/muntatge-V2.jpg\" alt=\"\"><\/p>\n<div>Nuestros centros llevan el nombre de personas que han sido primordiales en la historia de la entidad<\/div>\n<\/li>\n<\/ul>\n<h1>Asociaci\u00f3n Saleses<\/h1>\n<div>\n<p><strong>Saleses<\/strong> es una <strong>asociaci\u00f3n sin \u00e1nimo de lucr<\/strong>o que nace en 1978, fruto de la voluntad de un grupo de comerciantes del barrio de Les Saleses sensibilizados por las dificultades y carencias que observaban en las personas mayores de su entorno y por las graves carencias vivenciales de muchas de estas personas.<\/p>\n<\/div>\n<p>\n    <a href=\"\/la-asociacion\/\">M\u00e1s informaci\u00f3n<\/a>\n<\/p>\n<h2>Nuestro Equipo<\/h2>\n<div>\n<p><span>Contamos con un <strong>equipo interdisciplinar<\/strong> que ofrece una atenci\u00f3n completa a las personas que acompa\u00f1amos.<\/span><\/p>\n<p><span>El buen funcionamiento de nuestra ONG depende de <strong>la implicaci\u00f3n<\/strong> de todas las personas que forman parte.<\/span><\/p>\n<p>El m\u00e9rito est\u00e1 en <strong>el compromiso<\/strong> y el <strong>trabajo en equipo<\/strong>.<\/p>\n<\/div>\n<p>\n    <a href=\"\/la-asociacion\/\">M\u00e1s informaci\u00f3n<\/a>\n<\/p>\n<h2>Unidades de convivencia<\/h2>\n<ul>\n<li>\n<p>        <img decoding=\"async\" src=\"\/wp-content\/uploads\/2022\/07\/Reside%CC%80ncia-Assistida-scaled.jpg\" alt=\"\"><\/p>\n<h3>Residencia Asistida<\/h3>\n<div>\n<div class=\"vc_col-sm-3 wpb_column column_container  _ height-full\">\n<div id=\"text-block-15\" class=\"mk-text-block   \">\n<p>Un nuevo hogar para personas que necesitan ser acompa\u00f1adas en su d\u00eda a d\u00eda en<span>\u00a0<\/span><strong>un entorno acogedor y familiar<\/strong>.<span>\u00a0<\/span><strong>Atenci\u00f3n 24 horas<\/strong>.<\/p>\n<div class=\"clearboth\"><\/div>\n<\/div>\n<\/div>\n<\/div>\n<\/li>\n<li>\n<p>        <img decoding=\"async\" src=\"\/wp-content\/uploads\/2022\/07\/Centre-de-Dia-scaled.jpg\" alt=\"\"><\/p>\n<h3>Centro de d\u00eda<\/h3>\n<div>\n<div class=\"vc_col-sm-3 wpb_column column_container  _ height-full\">\n<div id=\"text-block-17\" class=\"mk-text-block   \">\n<p>Para pasar<span>\u00a0<\/span><strong>tu d\u00eda de una manera activa o, simplemente, acompa\u00f1ada<\/strong>. En funci\u00f3n de necesidades, dentro del horario<span>\u00a0<\/span><strong>de lunes a domingo<\/strong><span>\u00a0<\/span>desde las 7:00 h hasta las 21:00 h.<\/p>\n<div class=\"clearboth\"><\/div>\n<\/div>\n<\/div>\n<\/div>\n<\/li>\n<li>\n<p>        <img decoding=\"async\" src=\"\/wp-content\/uploads\/2021\/06\/Llar-Residencia_dos-senyores-cosint-1024x685-1.jpg\" alt=\"\"><\/p>\n<h3>SAD<\/h3>\n<div>\n<p><span>Servicio de atenci\u00f3n domiciliaria. Para acompa\u00f1arte en tu hogar en las actividades diarias que consideres necesarias. (Servicio no disponible temporalmente)<\/span><\/p>\n<\/div>\n<\/li>\n<\/ul>\n<p>\n    <a href=\"\/unidades-de-convivencia\/\">M\u00e1s informaci\u00f3n<\/a>\n<\/p>\n<h2>Nuestro modelo ACP<\/h2>\n<div>\n<p>En nuestra ONG prevalece una clara voluntad de velar por la calidad de vida y la continuidad de la vinculaci\u00f3n con su entorno de nuestra gente mayor, siguiendo el modelo de Atenci\u00f3n Centrada en la Persona (ACP). En las actividades que realizamos, lo importante es el significado de lo que hacemos para cada uno de nuestros usuarios, dejando que sean ellos mismos quienes gu\u00eden el acompa\u00f1amiento de su proyecto vital.<\/p>\n<\/div>\n<p>\n    <a href=\"\/tu-estancia\/\">M\u00e1s informaci\u00f3n<\/a>\n<\/p>\n<h2>Participa con nosotros<\/h2>\n<p>\n    <a href=\"\/participa-con-nosotros\/\">M\u00e1s informaci\u00f3n<\/a>\n<\/p>\n<h2>Entidades Colaboradoras<\/h2>\n<ul>\n<li>\n<p>        <img decoding=\"async\" src=\"\/wp-content\/uploads\/2021\/06\/alzheimer-catalunya-1024x768-1.png\" alt=\"\"><\/p>\n<h3>alzheimer-catalunya-1024&#215;768<\/h3>\n<p><a href=\"https:\/\/alzheimercatalunya.org\/\"><\/a><\/p>\n<\/li>\n<li>\n<p>        <img decoding=\"async\" src=\"\/wp-content\/uploads\/2021\/06\/cor-eixample.jpeg\" alt=\"\"><\/p>\n<h3>cor-eixample<\/h3>\n<p><a href=\"https:\/\/www.coreixample.com\/\"><\/a><\/p>\n<\/li>\n<li>\n<p>        <img decoding=\"async\" src=\"\/wp-content\/uploads\/2021\/06\/feate-logo.png\" alt=\"\"><\/p>\n<h3>feate-logo<\/h3>\n<p><a href=\"https:\/\/www.feate.org\/\"><\/a><\/p>\n<\/li>\n<li>\n<p>        <img decoding=\"async\" src=\"\/wp-content\/uploads\/2021\/06\/logo-ajuntament-barcelona.jpeg\" alt=\"\"><\/p>\n<h3>logo-ajuntament-barcelona<\/h3>\n<p><a href=\"https:\/\/www.barcelona.cat\/ca\/\"><\/a><\/p>\n<\/li>\n<li>\n<p>        <img decoding=\"async\" src=\"\/wp-content\/uploads\/2021\/06\/logo-Amics-de-la-Gent-Gran.jpeg\" alt=\"\"><\/p>\n<h3>logo-Amics-de-la-Gent-Gran<\/h3>\n<p><a href=\"https:\/\/amigosdelosmayores.org\/ca\"><\/a><\/p>\n<\/li>\n<li>\n<p>        <img decoding=\"async\" src=\"\/wp-content\/uploads\/2021\/06\/Logo-Karinter-small.jpeg\" alt=\"\"><\/p>\n<h3>Logo-Karinter-small<\/h3>\n<p><a href=\"https:\/\/www.karinter.com\/\"><\/a><\/p>\n<\/li>\n<li>\n<p>        <img decoding=\"async\" src=\"\/wp-content\/uploads\/2021\/06\/logo-obra-social-la-Caixa.jpeg\" alt=\"\"><\/p>\n<h3>logo-obra-social-la-Caixa<\/h3>\n<p><a href=\"https:\/\/obrasociallacaixa.org\/\"><\/a><\/p>\n<\/li>\n<li>\n<p>        <img decoding=\"async\" src=\"\/wp-content\/uploads\/2021\/06\/logo-upimir.jpeg\" alt=\"\"><\/p>\n<h3>logo-upimir<\/h3>\n<p><a href=\"https:\/\/upimir.com\/\"><\/a><\/p>\n<\/li>\n<li>\n<p>        <img decoding=\"async\" src=\"\/wp-content\/uploads\/2021\/06\/Roviralta.jpeg\" alt=\"\"><\/p>\n<h3>Roviralta<\/h3>\n<p><a href=\"http:\/\/roviralta.org\/\"><\/a><\/p>\n<\/li>\n<\/ul>\n<p><!--more--><br \/>\n<!-- {\"name\":\"Home\",\"type\":\"layout\",\"children\":[{\"type\":\"section\",\"props\":{\"style\":\"default\",\"width\":\"\",\"vertical_align\":\"middle\",\"title_position\":\"top-left\",\"title_rotation\":\"left\",\"title_breakpoint\":\"xl\",\"image_position\":\"center-center\",\"padding\":\"none\"},\"children\":[{\"type\":\"row\",\"children\":[{\"type\":\"column\",\"props\":{\"image_position\":\"center-center\",\"media_overlay_gradient\":\"\",\"position_sticky_breakpoint\":\"m\"},\"children\":[{\"type\":\"slideshow\",\"props\":{\"show_title\":true,\"show_meta\":true,\"show_content\":true,\"show_link\":true,\"show_thumbnail\":true,\"slideshow_min_height\":300,\"slideshow_autoplay_pause\":true,\"nav\":\"thumbnav\",\"nav_position\":\"bottom-center\",\"nav_position_margin\":\"medium\",\"nav_align\":\"center\",\"nav_breakpoint\":\"s\",\"thumbnav_width\":\"75\",\"thumbnav_height\":\"50\",\"thumbnav_svg_color\":\"emphasis\",\"slidenav\":\"default\",\"slidenav_margin\":\"medium\",\"slidenav_breakpoint\":\"s\",\"slidenav_outside_breakpoint\":\"xl\",\"overlay_position\":\"bottom\",\"overlay_animation\":\"slide-bottom-small\",\"title_element\":\"div\",\"meta_style\":\"h5\",\"meta_align\":\"below-title\",\"meta_element\":\"div\",\"link_text\":\"Read more\",\"link_style\":\"default\",\"margin\":\"default\",\"slideshow_height\":\"percent\",\"text_color\":\"light\",\"slideshow_box_decoration\":\"\",\"slideshow_kenburns\":\"alternate\",\"overlay_container\":\"\",\"overlay_width\":\"\",\"text_align\":\"center\",\"nav_below\":true,\"slideshow_box_shadow\":\"\",\"slideshow_box_decoration_inverse\":true,\"slideshow_animation\":\"push\",\"overlay_style\":\"tile-secondary\",\"overlay_margin\":\"none\",\"title_style\":\"h3\"},\"children\":[{\"type\":\"slideshow_item\",\"props\":{\"title\":\"Asociaci\\u00f3n sin \\u00e1nimo de lucro que nace en 1978\",\"image\":\"wp-content\\\/uploads\\\/2024\\\/10\\\/Banners-ESP-scaled.jpg\",\"meta\":\"\"}},{\"type\":\"slideshow_item\",\"props\":{\"title\":\"Te acompa\\u00f1amos en tu proyecto de vida\",\"image\":\"wp-content\\\/uploads\\\/2021\\\/05\\\/2.jpg\",\"meta\":\"\"}},{\"type\":\"slideshow_item\",\"props\":{\"title\":\"Calidez, familiaridad, reconocimiento\",\"image\":\"wp-content\\\/uploads\\\/2022\\\/07\\\/Calidesa-scaled.jpg\",\"meta\":\"\"}},{\"type\":\"slideshow_item\",\"props\":{\"title\":\"Un poco de ti es mucho para nosotros\",\"image\":\"wp-content\\\/uploads\\\/2021\\\/05\\\/4.jpg\",\"meta\":\"\"}},{\"type\":\"slideshow_item\",\"props\":{\"title\":\"Nuestros centros llevan el nombre de personas que han sido primordiales en la historia de la entidad\",\"image\":\"wp-content\\\/uploads\\\/2022\\\/07\\\/muntatge-V2.jpg\",\"meta\":\"\"}}]}]}]}]},{\"type\":\"section\",\"props\":{\"style\":\"default\",\"width\":\"default\",\"vertical_align\":\"middle\",\"title_position\":\"top-left\",\"title_rotation\":\"left\",\"title_breakpoint\":\"xl\",\"image_position\":\"center-center\"},\"children\":[{\"type\":\"row\",\"children\":[{\"type\":\"column\",\"props\":{\"image_position\":\"center-center\",\"media_overlay_gradient\":\"\",\"position_sticky_breakpoint\":\"m\"},\"children\":[{\"type\":\"headline\",\"props\":{\"title_element\":\"h1\",\"content\":\"Asociaci\\u00f3n Saleses\",\"text_align\":\"center\",\"title_style\":\"h1\",\"title_color\":\"primary\"}},{\"type\":\"text\",\"props\":{\"margin\":\"default\",\"column_breakpoint\":\"m\",\"content\":\"\n\n<p><strong>Saleses<\\\/strong> es una <strong>asociaci\\u00f3n sin \\u00e1nimo de lucr<\\\/strong>o que nace en 1978, fruto de la voluntad de un grupo de comerciantes del barrio de Les Saleses sensibilizados por las dificultades y carencias que observaban en las personas mayores de su entorno y por las graves carencias vivenciales de muchas de estas personas.<\\\/p>\"}},{\"type\":\"button\",\"props\":{\"grid_column_gap\":\"small\",\"grid_row_gap\":\"small\",\"margin\":\"default\",\"text_align\":\"center\"},\"children\":[{\"type\":\"button_item\",\"props\":{\"button_style\":\"primary\",\"icon_align\":\"right\",\"content\":\"M\\u00e1s informaci\\u00f3n\",\"link\":\"\\\/la-asociacion\\\/\",\"icon\":\"arrow-right\"}}]}]}]}]},{\"type\":\"section\",\"props\":{\"style\":\"muted\",\"width\":\"default\",\"vertical_align\":\"middle\",\"title_position\":\"top-left\",\"title_rotation\":\"left\",\"title_breakpoint\":\"xl\",\"image_position\":\"center-right\",\"image\":\"wp-content\\\/uploads\\\/2024\\\/10\\\/Equip_v3-1.png\",\"image_size\":\"height-1-1\"},\"children\":[{\"type\":\"row\",\"children\":[{\"type\":\"column\",\"props\":{\"image_position\":\"center-center\",\"media_overlay_gradient\":\"\",\"position_sticky_breakpoint\":\"m\",\"width_medium\":\"1-2\"},\"children\":[{\"type\":\"headline\",\"props\":{\"title_element\":\"h2\",\"content\":\"Nuestro Equipo\",\"text_align\":\"left\",\"title_style\":\"h1\",\"title_color\":\"primary\"}},{\"type\":\"text\",\"props\":{\"margin\":\"default\",\"column_breakpoint\":\"m\",\"content\":\"\n\n<p><span>Contamos con un <strong>equipo interdisciplinar<\\\/strong> que ofrece una atenci\\u00f3n completa a las personas que acompa\\u00f1amos.<\\\/span><\\\/p>\\n\n\n<p><span>El buen funcionamiento de nuestra ONG depende de <strong>la implicaci\\u00f3n<\\\/strong> de todas las personas que forman parte.<\\\/span><\\\/p>\\n\n\n<p>El m\\u00e9rito est\\u00e1 en <strong>el compromiso<\\\/strong> y el <strong>trabajo en equipo<\\\/strong>.<\\\/p>\"}},{\"type\":\"button\",\"props\":{\"grid_column_gap\":\"small\",\"grid_row_gap\":\"small\",\"margin\":\"default\",\"text_align\":\"left\"},\"children\":[{\"type\":\"button_item\",\"props\":{\"button_style\":\"primary\",\"icon_align\":\"right\",\"content\":\"M\\u00e1s informaci\\u00f3n\",\"link\":\"\\\/la-asociacion\\\/\",\"icon\":\"arrow-right\"}}]}]},{\"type\":\"column\",\"props\":{\"position_sticky_breakpoint\":\"m\",\"image_position\":\"center-center\",\"media_overlay_gradient\":\"\",\"width_medium\":\"1-2\"},\"children\":[]}],\"props\":{\"width\":\"default\",\"layout\":\"1-2,1-2\"}}]},{\"type\":\"section\",\"props\":{\"style\":\"default\",\"width\":\"default\",\"vertical_align\":\"middle\",\"title_position\":\"top-left\",\"title_rotation\":\"left\",\"title_breakpoint\":\"xl\",\"image_position\":\"center-center\",\"animation\":\"fade\",\"animation_delay\":\"500\"},\"children\":[{\"type\":\"row\",\"children\":[{\"type\":\"column\",\"props\":{\"image_position\":\"center-center\",\"media_overlay_gradient\":\"\",\"position_sticky_breakpoint\":\"m\"},\"children\":[{\"type\":\"headline\",\"props\":{\"title_element\":\"h2\",\"content\":\"Unidades de convivencia\",\"title_color\":\"primary\",\"text_align\":\"center\",\"title_style\":\"h1\",\"animation\":\"none\"}},{\"type\":\"grid\",\"props\":{\"show_title\":true,\"show_meta\":true,\"show_content\":true,\"show_image\":true,\"show_link\":true,\"grid_default\":\"1\",\"grid_medium\":\"\",\"filter_style\":\"tab\",\"filter_all\":true,\"filter_position\":\"top\",\"filter_align\":\"left\",\"filter_grid_width\":\"auto\",\"filter_grid_breakpoint\":\"m\",\"title_hover_style\":\"reset\",\"title_element\":\"h3\",\"title_align\":\"top\",\"title_grid_width\":\"1-2\",\"title_grid_breakpoint\":\"m\",\"meta_style\":\"text-meta\",\"meta_align\":\"below-title\",\"meta_element\":\"div\",\"content_column_breakpoint\":\"m\",\"icon_width\":80,\"image_align\":\"top\",\"image_grid_width\":\"1-2\",\"image_grid_breakpoint\":\"m\",\"image_svg_color\":\"emphasis\",\"link_text\":\"Read more\",\"link_style\":\"default\",\"margin\":\"default\",\"item_animation\":true,\"image_width\":\"300\",\"image_border\":\"rounded\",\"text_align\":\"center\",\"title_color\":\"primary\",\"grid_small\":\"3\",\"image_height\":\"200\",\"parallax_easing\":\"1\"},\"children\":[{\"type\":\"grid_item\",\"props\":{\"title\":\"Residencia Asistida\",\"image\":\"wp-content\\\/uploads\\\/2022\\\/07\\\/Reside\\u0300ncia-Assistida-scaled.jpg\",\"content\":\"\n\n<div class=\\\"vc_col-sm-3 wpb_column column_container  _ height-full\\\">\\n\n\n<div id=\\\"text-block-15\\\" class=\\\"mk-text-block   \\\">\\n\n\n<p>Un nuevo hogar para personas que necesitan ser acompa\\u00f1adas en su d\\u00eda a d\\u00eda en<span>\\u00a0<\\\/span><strong>un entorno acogedor y familiar<\\\/strong>.<span>\\u00a0<\\\/span><strong>Atenci\\u00f3n 24 horas<\\\/strong>.<\\\/p>\\n\n\n<div class=\\\"clearboth\\\"><\\\/div>\\n<\\\/div>\\n<\\\/div>\"}},{\"type\":\"grid_item\",\"props\":{\"title\":\"Centro de d\\u00eda\",\"image\":\"wp-content\\\/uploads\\\/2022\\\/07\\\/Centre-de-Dia-scaled.jpg\",\"content\":\"\n\n<div class=\\\"vc_col-sm-3 wpb_column column_container  _ height-full\\\">\\n\n\n<div id=\\\"text-block-17\\\" class=\\\"mk-text-block   \\\">\\n\n\n<p>Para pasar<span>\\u00a0<\\\/span><strong>tu d\\u00eda de una manera activa o, simplemente, acompa\\u00f1ada<\\\/strong>. En funci\\u00f3n de necesidades, dentro del horario<span>\\u00a0<\\\/span><strong>de lunes a domingo<\\\/strong><span>\\u00a0<\\\/span>desde las 7:00 h hasta las 21:00 h.<\\\/p>\\n\n\n<div class=\\\"clearboth\\\"><\\\/div>\\n<\\\/div>\\n<\\\/div>\"}},{\"type\":\"grid_item\",\"props\":{\"title\":\"SAD\",\"content\":\"\n\n<p><span>Servicio de atenci\\u00f3n domiciliaria. Para acompa\\u00f1arte en tu hogar en las actividades diarias que consideres necesarias. (Servicio no disponible temporalmente)<\\\/span><\\\/p>\",\"image\":\"wp-content\\\/uploads\\\/2021\\\/06\\\/Llar-Residencia_dos-senyores-cosint-1024x685-1.jpg\"}}]},{\"type\":\"button\",\"props\":{\"grid_column_gap\":\"small\",\"grid_row_gap\":\"small\",\"margin\":\"default\",\"text_align\":\"center\"},\"children\":[{\"type\":\"button_item\",\"props\":{\"button_style\":\"primary\",\"icon_align\":\"left\",\"content\":\"M\\u00e1s informaci\\u00f3n\",\"link\":\"\\\/unidades-de-convivencia\\\/\"}}]}]}]}]},{\"type\":\"section\",\"props\":{\"style\":\"muted\",\"width\":\"default\",\"vertical_align\":\"middle\",\"title_position\":\"top-left\",\"title_rotation\":\"left\",\"title_breakpoint\":\"xl\",\"image_position\":\"center-center\"},\"children\":[{\"type\":\"row\",\"children\":[{\"type\":\"column\",\"props\":{\"image_position\":\"center-center\",\"media_overlay_gradient\":\"\",\"position_sticky_breakpoint\":\"m\"},\"children\":[{\"type\":\"headline\",\"props\":{\"title_element\":\"h2\",\"content\":\"Nuestro modelo ACP\",\"text_align\":\"center\",\"title_style\":\"h1\",\"title_color\":\"primary\"}},{\"type\":\"text\",\"props\":{\"margin\":\"default\",\"column_breakpoint\":\"m\",\"content\":\"\n\n<p>En nuestra ONG prevalece una clara voluntad de velar por la calidad de vida y la continuidad de la vinculaci\\u00f3n con su entorno de nuestra gente mayor, siguiendo el modelo de Atenci\\u00f3n Centrada en la Persona (ACP). En las actividades que realizamos, lo importante es el significado de lo que hacemos para cada uno de nuestros usuarios, dejando que sean ellos mismos quienes gu\\u00eden el acompa\\u00f1amiento de su proyecto vital.<\\\/p>\",\"text_align\":\"center\"}},{\"type\":\"button\",\"props\":{\"grid_column_gap\":\"small\",\"grid_row_gap\":\"small\",\"margin\":\"default\",\"text_align\":\"center\"},\"children\":[{\"type\":\"button_item\",\"props\":{\"button_style\":\"primary\",\"icon_align\":\"left\",\"content\":\"M\\u00e1s informaci\\u00f3n\",\"link\":\"\\\/tu-estancia\\\/\"}}]}]}]}]},{\"type\":\"section\",\"props\":{\"style\":\"primary\",\"width\":\"default\",\"vertical_align\":\"middle\",\"title_position\":\"top-left\",\"title_rotation\":\"left\",\"title_breakpoint\":\"xl\",\"image_position\":\"center-center\"},\"children\":[{\"type\":\"row\",\"children\":[{\"type\":\"column\",\"props\":{\"image_position\":\"center-center\",\"media_overlay_gradient\":\"\",\"position_sticky_breakpoint\":\"m\"},\"children\":[{\"type\":\"headline\",\"props\":{\"title_element\":\"h2\",\"content\":\"Participa con nosotros\",\"text_align\":\"center\",\"title_style\":\"h1\",\"title_color\":\"primary\"}},{\"type\":\"button\",\"props\":{\"grid_column_gap\":\"small\",\"grid_row_gap\":\"small\",\"margin\":\"default\",\"text_align\":\"center\"},\"children\":[{\"type\":\"button_item\",\"props\":{\"button_style\":\"secondary\",\"icon_align\":\"left\",\"content\":\"M\\u00e1s informaci\\u00f3n\",\"link\":\"\\\/participa-con-nosotros\\\/\"}}]}]}]}]},{\"type\":\"section\",\"props\":{\"style\":\"default\",\"width\":\"default\",\"vertical_align\":\"middle\",\"title_position\":\"top-left\",\"title_rotation\":\"left\",\"title_breakpoint\":\"xl\",\"image_position\":\"center-center\",\"animation\":\"slide-bottom-medium\",\"animation_delay\":\"200\",\"attributes\":\"\"},\"children\":[{\"type\":\"row\",\"children\":[{\"type\":\"column\",\"props\":{\"image_position\":\"center-center\",\"media_overlay_gradient\":\"\",\"position_sticky_breakpoint\":\"m\"},\"children\":[{\"type\":\"headline\",\"props\":{\"title_element\":\"h2\",\"content\":\"Entidades Colaboradoras\",\"text_align\":\"center\",\"title_style\":\"h1\",\"title_color\":\"primary\",\"animation\":\"none\"}},{\"type\":\"grid\",\"props\":{\"show_title\":false,\"show_meta\":false,\"show_content\":false,\"show_image\":true,\"show_link\":true,\"grid_default\":\"2\",\"grid_medium\":\"5\",\"filter_style\":\"tab\",\"filter_all\":true,\"filter_position\":\"top\",\"filter_align\":\"left\",\"filter_grid_width\":\"auto\",\"filter_grid_breakpoint\":\"m\",\"title_hover_style\":\"reset\",\"title_element\":\"h3\",\"title_align\":\"top\",\"title_grid_width\":\"1-2\",\"title_grid_breakpoint\":\"m\",\"meta_style\":\"text-meta\",\"meta_align\":\"below-title\",\"meta_element\":\"div\",\"content_column_breakpoint\":\"m\",\"icon_width\":80,\"image_align\":\"top\",\"image_grid_width\":\"1-2\",\"image_grid_breakpoint\":\"m\",\"image_svg_color\":\"emphasis\",\"link_text\":\"\",\"link_style\":\"default\",\"margin\":\"default\",\"item_animation\":true,\"image_width\":\"200\",\"panel_link\":true,\"grid_row_align\":true,\"grid_column_align\":true,\"grid_small\":\"3\",\"link_target\":true,\"css\":\".el-image{\\nfilter:grayscale(1)!important;\\nopacity:.6;\\ntransition:.5s;\\n}\\n\\n.el-image:hover{\\nfilter:grayscale(0)!important;\\nopacity:1;\\n}\",\"parallax_easing\":\"1\"},\"children\":[{\"type\":\"grid_item\",\"props\":{\"title\":\"alzheimer-catalunya-1024x768\",\"image\":\"wp-content\\\/uploads\\\/2021\\\/06\\\/alzheimer-catalunya-1024x768-1.png\",\"link\":\"https:\\\/\\\/alzheimercatalunya.org\\\/\"}},{\"type\":\"grid_item\",\"props\":{\"title\":\"cor-eixample\",\"image\":\"wp-content\\\/uploads\\\/2021\\\/06\\\/cor-eixample.jpeg\",\"link\":\"https:\\\/\\\/www.coreixample.com\\\/\"}},{\"type\":\"grid_item\",\"props\":{\"title\":\"feate-logo\",\"image\":\"wp-content\\\/uploads\\\/2021\\\/06\\\/feate-logo.png\",\"link\":\"https:\\\/\\\/www.feate.org\\\/\"}},{\"type\":\"grid_item\",\"props\":{\"title\":\"logo-ajuntament-barcelona\",\"image\":\"wp-content\\\/uploads\\\/2021\\\/06\\\/logo-ajuntament-barcelona.jpeg\",\"link\":\"https:\\\/\\\/www.barcelona.cat\\\/ca\\\/\"}},{\"type\":\"grid_item\",\"props\":{\"title\":\"logo-Amics-de-la-Gent-Gran\",\"image\":\"wp-content\\\/uploads\\\/2021\\\/06\\\/logo-Amics-de-la-Gent-Gran.jpeg\",\"link\":\"https:\\\/\\\/amigosdelosmayores.org\\\/ca\"}},{\"type\":\"grid_item\",\"props\":{\"title\":\"Logo-Karinter-small\",\"image\":\"wp-content\\\/uploads\\\/2021\\\/06\\\/Logo-Karinter-small.jpeg\",\"link\":\"https:\\\/\\\/www.karinter.com\\\/\"}},{\"type\":\"grid_item\",\"props\":{\"title\":\"logo-obra-social-la-Caixa\",\"image\":\"wp-content\\\/uploads\\\/2021\\\/06\\\/logo-obra-social-la-Caixa.jpeg\",\"link\":\"https:\\\/\\\/obrasociallacaixa.org\\\/\"}},{\"type\":\"grid_item\",\"props\":{\"title\":\"logo-upimir\",\"image\":\"wp-content\\\/uploads\\\/2021\\\/06\\\/logo-upimir.jpeg\",\"link\":\"https:\\\/\\\/upimir.com\\\/\"}},{\"type\":\"grid_item\",\"props\":{\"title\":\"Roviralta\",\"image\":\"wp-content\\\/uploads\\\/2021\\\/06\\\/Roviralta.jpeg\",\"link\":\"http:\\\/\\\/roviralta.org\\\/\"}}]}]}]}]}],\"version\":\"3.0.5\"} --><\/p>\n","protected":false},"excerpt":{"rendered":"<p>Asociaci\u00f3n sin \u00e1nimo de lucro que nace en 1978 Te acompa\u00f1amos en tu proyecto de vida Calidez, familiaridad, reconocimiento Un poco de ti es mucho para nosotros Nuestros centros llevan el nombre de personas que han sido primordiales en la historia de la entidad Asociaci\u00f3n Saleses Saleses es una asociaci\u00f3n sin \u00e1nimo de lucro que [&hellip;]<\/p>\n","protected":false},"author":1,"featured_media":0,"parent":0,"menu_order":1,"comment_status":"open","ping_status":"closed","template":"","meta":{"footnotes":""},"class_list":["post-4","page","type-page","status-publish","hentry"],"_links":{"self":[{"href":"https:\/\/saleses.org\/es\/wp-json\/wp\/v2\/pages\/4","targetHints":{"allow":["GET"]}}],"collection":[{"href":"https:\/\/saleses.org\/es\/wp-json\/wp\/v2\/pages"}],"about":[{"href":"https:\/\/saleses.org\/es\/wp-json\/wp\/v2\/types\/page"}],"author":[{"embeddable":true,"href":"https:\/\/saleses.org\/es\/wp-json\/wp\/v2\/users\/1"}],"replies":[{"embeddable":true,"href":"https:\/\/saleses.org\/es\/wp-json\/wp\/v2\/comments?post=4"}],"version-history":[{"count":111,"href":"https:\/\/saleses.org\/es\/wp-json\/wp\/v2\/pages\/4\/revisions"}],"predecessor-version":[{"id":2588,"href":"https:\/\/saleses.org\/es\/wp-json\/wp\/v2\/pages\/4\/revisions\/2588"}],"wp:attachment":[{"href":"https:\/\/saleses.org\/es\/wp-json\/wp\/v2\/media?parent=4"}],"curies":[{"name":"wp","href":"https:\/\/api.w.org\/{rel}","templated":true}]}}